{"id":21,"date":"2014-11-30T21:59:01","date_gmt":"2014-11-30T21:59:01","guid":{"rendered":"?page_id=21"},"modified":"2016-02-07T17:47:46","modified_gmt":"2016-02-07T16:47:46","slug":"konzerte","status":"publish","type":"page","link":"https:\/\/www.kammerchorpesterwitz.de\/?page_id=21","title":{"rendered":"Konzerte"},"content":{"rendered":"\n<table id=\"tablepress-1\" class=\"tablepress tablepress-id-1\">\n<tbody class=\"row-striping\">\n<tr class=\"row-1\">\n\t<td class=\"column-1\"><img loading=\"lazy\" decoding=\"async\" src=\"https:\/\/www.kammerchorpesterwitz.de\/wp-content\/uploads\/1776\/98\/202604_pesterwitz.jpg\" alt=\"\" width=\"200\" height=\"367\" class=\"alignright size-full wp-image-2332\" srcset=\"https:\/\/www.kammerchorpesterwitz.de\/wp-content\/uploads\/1776\/98\/202604_pesterwitz.jpg 200w, https:\/\/www.kammerchorpesterwitz.de\/wp-content\/uploads\/1776\/98\/202604_pesterwitz-163x300.jpg 163w\" sizes=\"auto, (max-width: 200px) 100vw, 200px\" \/><strong>19. April 2026, 17 Uhr, St. Jakobuskirche Pesterwitz<\/strong><br \/>\n<h6>Sehet die V\u00f6gel unter dem Himmel...<\/h6><br \/>\nChormusik - vom Gesang der V\u00f6gel inspiriert - aus sechs Jahrhunderten<br \/>\nKammerchor Pesterwitz<br \/>\nOrgel: Clemens Lucke<br \/>\nLeitung: Anne Horenburg<br \/>\n<br \/>\nKarten im VVK zu 12\u20ac\/10\u20ac und an der Abendkasse zu 15\u20ac\/13\u20ac<\/td>\n<\/tr>\n<tr class=\"row-2\">\n\t<td class=\"column-1\"><strong>10. Mai 2026, 16:30 Uhr, St. Petrikirche Freiberg<\/strong><br \/>\n<h6>Sehet die V\u00f6gel unter dem Himmel...<\/h6><br \/>\n<img loading=\"lazy\" decoding=\"async\" src=\"https:\/\/www.kammerchorpesterwitz.de\/wp-content\/uploads\/1777\/56\/202605_freiberg-212x300.jpg\" alt=\"\" width=\"212\" height=\"300\" class=\"alignright size-medium wp-image-2342\" srcset=\"https:\/\/www.kammerchorpesterwitz.de\/wp-content\/uploads\/1777\/56\/202605_freiberg-212x300.jpg 212w, https:\/\/www.kammerchorpesterwitz.de\/wp-content\/uploads\/1777\/56\/202605_freiberg.jpg 620w\" sizes=\"auto, (max-width: 212px) 100vw, 212px\" \/>Chor- und Orgelmusik - vom Gesang der V\u00f6gel inspiriert - aus sechs Jahrhunderten<br \/>\nClemens Lucke - Orgel<br \/>\nKammerchor Pesterwitz<br \/>\nLeitung: Anne Horenburg<br \/>\n<br \/>\n<br \/>\nEintritt frei<\/td>\n<\/tr>\n<tr class=\"row-3\">\n\t<td class=\"column-1\"><strong>30. Mai 2026, 17 Uhr, Erl\u00f6serkirche Leipzig-Thonberg<\/strong><br \/>\n<h6>Sehet die V\u00f6gel unter dem Himmel...<\/h6><br \/>\nChormusik - vom Gesang der V\u00f6gel inspiriert - aus sechs Jahrhunderten<br \/>\nKammerchor Pesterwitz<br \/>\nLeitung: Anne Horenburg<\/td>\n<\/tr>\n<tr class=\"row-4\">\n\t<td class=\"column-1\"><strong>6. Juni 2026, 17 Uhr, Vesper Kreuzkirche Dresden<\/strong><br \/>\n<h6>Sehet die V\u00f6gel unter dem Himmel...<\/h6><br \/>\nChormusik - vom Gesang der V\u00f6gel inspiriert - aus sechs Jahrhunderten<br \/>\nKammerchor Pesterwitz<br \/>\nLeitung: Anne Horenburg<\/td>\n<\/tr>\n<tr class=\"row-5\">\n\t<td class=\"column-1\"><strong>7. Juni 2026, 9:30 Uhr, Kreuzkirche Dresden<\/strong><br \/>\n<h6>Mitwirkung im Gottesdienst<\/h6><br \/>\nKammerchor Pesterwitz<br \/>\nLeitung: Anne Horenburg<\/td>\n<\/tr>\n<tr class=\"row-6\">\n\t<td class=\"column-1\"><strong>27. September 2026, 17 Uhr, St. Marien und Laurentius Kirche Dippoldiswalde<\/strong><br \/>\n<h6>Lobges\u00e4nge<\/h6><br \/>\nKammerchor Pesterwitz<br \/>\nLeitung: Anne Horenburg<\/td>\n<\/tr>\n<tr class=\"row-7\">\n\t<td class=\"column-1\"><strong>29. November 2026, 17 Uhr, St. Jakobuskirche Pesterwitz<\/strong><br \/>\n<h6>Der Messias<br \/>\nWerke von Johann Sebastian Bach<\/h6><br \/>\nTelemannisches Collegium Michaelstein<br \/>\nKammerchor Pesterwitz<br \/>\nLeitung: Anne Horenburg<\/td>\n<\/tr>\n<\/tbody>\n<\/table>\n<!-- #tablepress-1 from cache -->\n<hr \/>\n<p style=\"text-align: justify;\">Mit den folgenden Links k\u00f6nnen Sie die Konzerttermine des Kammerchores Pesterwitz abonnieren. Alle Eintr\u00e4ge des Kalenders werden mit der Abk\u00fcrzung <em>KaPe-Konzert<\/em> eingeleitet.<\/p>\n<ul>\n<li><a href=\"https:\/\/www.google.com\/calendar\/render?cid=http%3A%2F%2Fwww.kammerchorpesterwitz.de%2F%3Ffeed%3Deo-events%26amp%3Bevent-category%3Dkonzerte\" target=\"_blank\" class=\"button\" title=\"Mit Google abonnieren\"  >Google<\/a><\/li>\n<li><a href=\"https:\/\/www.kammerchorpesterwitz.de\/?feed=eo-events&amp;event-category=konzerte\" target=\"_blank\" class=\"button\" title=\"iCal-Feed abonnieren\"  >iCal-Feed<\/a><\/li>\n<\/ul>\n","protected":false},"excerpt":{"rendered":"<p>Mit den folgenden Links k\u00f6nnen Sie die Konzerttermine des Kammerchores Pesterwitz abonnieren. Alle Eintr\u00e4ge des Kalenders werden mit der Abk\u00fcrzung KaPe-Konzert eingeleitet.<\/p>\n","protected":false},"author":1,"featured_media":0,"parent":0,"menu_order":0,"comment_status":"closed","ping_status":"closed","template":"","meta":{"footnotes":""},"class_list":["post-21","page","type-page","status-publish","hentry"],"_links":{"self":[{"href":"https:\/\/www.kammerchorpesterwitz.de\/index.php?rest_route=\/wp\/v2\/pages\/21","targetHints":{"allow":["GET"]}}],"collection":[{"href":"https:\/\/www.kammerchorpesterwitz.de\/index.php?rest_route=\/wp\/v2\/pages"}],"about":[{"href":"https:\/\/www.kammerchorpesterwitz.de\/index.php?rest_route=\/wp\/v2\/types\/page"}],"author":[{"embeddable":true,"href":"https:\/\/www.kammerchorpesterwitz.de\/index.php?rest_route=\/wp\/v2\/users\/1"}],"replies":[{"embeddable":true,"href":"https:\/\/www.kammerchorpesterwitz.de\/index.php?rest_route=%2Fwp%2Fv2%2Fcomments&post=21"}],"version-history":[{"count":7,"href":"https:\/\/www.kammerchorpesterwitz.de\/index.php?rest_route=\/wp\/v2\/pages\/21\/revisions"}],"predecessor-version":[{"id":861,"href":"https:\/\/www.kammerchorpesterwitz.de\/index.php?rest_route=\/wp\/v2\/pages\/21\/revisions\/861"}],"wp:attachment":[{"href":"https:\/\/www.kammerchorpesterwitz.de\/index.php?rest_route=%2Fwp%2Fv2%2Fmedia&parent=21"}],"curies":[{"name":"wp","href":"https:\/\/api.w.org\/{rel}","templated":true}]}}