{"id":377,"date":"2014-12-29T15:23:38","date_gmt":"2014-12-29T15:23:38","guid":{"rendered":"http:\/\/localhost\/wp_kape\/?page_id=377"},"modified":"2014-12-29T15:42:42","modified_gmt":"2014-12-29T15:42:42","slug":"links","status":"publish","type":"page","link":"https:\/\/www.kammerchorpesterwitz.de\/?page_id=377","title":{"rendered":"Links"},"content":{"rendered":"\n<table id=\"tablepress-9\" class=\"tablepress tablepress-id-9\">\n<tbody class=\"row-striping\">\n<tr class=\"row-1\">\n\t<td class=\"column-1\"><a href=\"http:\/\/www.pesterwitzer-konzerte.de\" target=\"_blank\">www.pesterwitzer-konzerte.de<\/a><br \/>\nIn der St. Jakobuskirche Pesterwitz werden regelm\u00e4\u00dfig Konzerte veranstaltet. Informieren Sie sich \u00fcber die aktuellen Veranstaltungen.<\/td><td class=\"column-2\"><a href=\"http:\/\/www.pesterwitzer-konzerte.de\" target=\"_blank\"><img loading=\"lazy\" decoding=\"async\" src=\"wp-content\/uploads\/2014\/12\/pesterwitzerkonzerte.gif\" alt=\"pesterwitzerkonzerte\" width=\"230\" height=\"43\" class=\"alignright size-full wp-image-380\" \/><\/a><\/td>\n<\/tr>\n<tr class=\"row-2\">\n\t<td class=\"column-1\"><a href=\"http:\/\/www.kirche-pesterwitz.de\" target=\"_blank\">www.kirche-pesterwitz.de<\/a><br \/>\nInformieren Sie sich hier \u00fcber unsere \"Hauskirchgemeinde\".<\/td><td class=\"column-2\"><a href=\"http:\/\/www.kirche-pesterwitz.de\" target=\"_blank\"><img loading=\"lazy\" decoding=\"async\" src=\"wp-content\/uploads\/2014\/12\/kirchepesterwitz.gif\" alt=\"kirchepesterwitz\" width=\"73\" height=\"82\" class=\"alignright size-full wp-image-382\" \/><\/a><\/td>\n<\/tr>\n<tr class=\"row-3\">\n\t<td class=\"column-1\"><a href=\"http:\/\/www.pesterwitz.com\" target=\"_blank\">www.pesterwitz.com<\/a><br \/>\nSeite der Dorfchronik<\/td><td class=\"column-2\"><a href=\"http:\/\/www.pesterwitz.com\" target=\"_blank\"><img loading=\"lazy\" decoding=\"async\" src=\"wp-content\/uploads\/2014\/12\/pesterwitz.gif\" alt=\"pesterwitz\" width=\"313\" height=\"30\" class=\"alignright size-full wp-image-384\" \/><\/a><\/td>\n<\/tr>\n<tr class=\"row-4\">\n\t<td class=\"column-1\"><a href=\"http:\/\/www.staatsschauspiel-dresden.de\" target=\"_blank\">Staatschauspiel Dresden<\/a><br \/>\nDer Kammerchor Pesterwitz war 2006-2009 f\u00fcr die Inszenierungen \"Faust. Der Trag\u00f6die erster und zweiter Teil.\" am Staatsschauspiel Dresden engagiert. Im Jahr 2018 wirkt der Chor bei der Inszenierung \"Der gute Mensch von Sezuan\" mit.<\/td><td class=\"column-2\"><a href=\"http:\/\/www.staatsschauspiel-dresden.de\" target=\"_blank\"><img loading=\"lazy\" decoding=\"async\" src=\"wp-content\/uploads\/2014\/12\/staatsschauspiel.gif\" alt=\"staatsschauspiel\" width=\"54\" height=\"100\" class=\"alignright size-full wp-image-386\" \/><\/a><\/td>\n<\/tr>\n<tr class=\"row-5\">\n\t<td class=\"column-1\"><a href=\"http:\/\/unichor-dresden.de\/\" target=\"_blank\">Universit\u00e4tschor Dresden e.V.<\/a><br \/>\nEinige unserer Choristen wirken auch in anderen Ensembles mit. So zum Beispiel im<br \/>\nUniversit\u00e4tschor Dresden e.V.<\/td><td class=\"column-2\"><a href=\"http:\/\/unichor-dresden.de\/\" target=\"_blank\"><img loading=\"lazy\" decoding=\"async\" src=\"wp-content\/uploads\/2014\/12\/unichor.gif\" alt=\"unichor\" width=\"300\" height=\"53\" class=\"alignright size-full wp-image-388\" \/><\/a><\/td>\n<\/tr>\n<tr class=\"row-6\">\n\t<td class=\"column-1\"><a href=\"http:\/\/www.singakademie-dresden.de\/\" target=\"_blank\">Singakademie Dresden e.V.<\/a><br \/>\nAuch zu diesem Chorensemble bestehen enge Kontakte .<\/td><td class=\"column-2\"><a href=\"http:\/\/www.singakademie-dresden.de\/\" target=\"_blank\"><img loading=\"lazy\" decoding=\"async\" src=\"wp-content\/uploads\/2014\/12\/singakademie.gif\" alt=\"singakademie\" width=\"100\" height=\"103\" class=\"alignright size-full wp-image-390\" \/><\/a><\/td>\n<\/tr>\n<tr class=\"row-7\">\n\t<td class=\"column-1\"><a href=\"http:\/\/www.sciw.info\" target=\"_blank\">S\u00e4chsische Chor- und Instrumentalwoche<\/a><br \/>\nAn dieser j\u00e4hrlich veranstalteten Projektwoche der ev. Landeskirche nehmen Mitglieder des Kammerchores Pesterwitz regelm\u00e4\u00dfig teil.<\/td><td class=\"column-2\"><a href=\"http:\/\/www.sciw.info\" target=\"_blank\"><img loading=\"lazy\" decoding=\"async\" src=\"wp-content\/uploads\/2014\/12\/sciw.jpg\" alt=\"sciw\" width=\"145\" height=\"220\" class=\"alignright size-full wp-image-392\" \/><\/a><\/td>\n<\/tr>\n<\/tbody>\n<\/table>\n<!-- #tablepress-9 from cache -->\n","protected":false},"excerpt":{"rendered":"","protected":false},"author":1,"featured_media":0,"parent":0,"menu_order":0,"comment_status":"closed","ping_status":"closed","template":"","meta":{"footnotes":""},"class_list":["post-377","page","type-page","status-publish","hentry"],"_links":{"self":[{"href":"https:\/\/www.kammerchorpesterwitz.de\/index.php?rest_route=\/wp\/v2\/pages\/377","targetHints":{"allow":["GET"]}}],"collection":[{"href":"https:\/\/www.kammerchorpesterwitz.de\/index.php?rest_route=\/wp\/v2\/pages"}],"about":[{"href":"https:\/\/www.kammerchorpesterwitz.de\/index.php?rest_route=\/wp\/v2\/types\/page"}],"author":[{"embeddable":true,"href":"https:\/\/www.kammerchorpesterwitz.de\/index.php?rest_route=\/wp\/v2\/users\/1"}],"replies":[{"embeddable":true,"href":"https:\/\/www.kammerchorpesterwitz.de\/index.php?rest_route=%2Fwp%2Fv2%2Fcomments&post=377"}],"version-history":[{"count":2,"href":"https:\/\/www.kammerchorpesterwitz.de\/index.php?rest_route=\/wp\/v2\/pages\/377\/revisions"}],"predecessor-version":[{"id":394,"href":"https:\/\/www.kammerchorpesterwitz.de\/index.php?rest_route=\/wp\/v2\/pages\/377\/revisions\/394"}],"wp:attachment":[{"href":"https:\/\/www.kammerchorpesterwitz.de\/index.php?rest_route=%2Fwp%2Fv2%2Fmedia&parent=377"}],"curies":[{"name":"wp","href":"https:\/\/api.w.org\/{rel}","templated":true}]}}