{"id":550,"date":"2015-01-08T20:53:52","date_gmt":"2015-01-08T19:53:52","guid":{"rendered":"http:\/\/localhost\/wp_kape\/?page_id=550"},"modified":"2020-09-16T18:42:10","modified_gmt":"2020-09-16T16:42:10","slug":"rueckblick-2006-bis-2002","status":"publish","type":"page","link":"https:\/\/www.kammerchorpesterwitz.de\/?page_id=550","title":{"rendered":"R\u00fcckblick 2006 bis 2002"},"content":{"rendered":"\n<table id=\"tablepress-14\" class=\"tablepress tablepress-id-14\">\n<tbody class=\"row-striping\">\n<tr class=\"row-1\">\n\t<td class=\"column-1\"><strong>4. November 2006, St. Jakobuskirche Pesterwitz<\/strong><br \/>\n<h6>Pesterwitzer Konzert<\/h6><br \/>\nMozart und die Religion<br \/>\n\u201eMissa brevis in B\u201c, \u201eMisericordias Domini\u201c u.a.<br \/>\nDresdner Kapellsolisten<br \/>\nLeitung: Anne Horenburg und Helmut Branny<\/td>\n<\/tr>\n<tr class=\"row-2\">\n\t<td class=\"column-1\"><strong>10. September 2006, Staatsschauspiel Dresden, Gro\u00dfes Haus<\/strong><br \/>\n<h6>Premiere \u201eFaust. Der Trag\u00f6die erster Teil.\u201c<\/h6><br \/>\nRegie: Holk Freytag<br \/>\nVolkslieder<br \/>\nweitere Vorstellungen bis Juni 2009<\/td>\n<\/tr>\n<tr class=\"row-3\">\n\t<td class=\"column-1\"><strong>7. Mai 2006, St. Jakobuskirche Pesterwitz<\/strong><br \/>\n<h6>Musikalischer Gottesdienst<\/h6><br \/>\nWolfgang Amadeus Mozart \u201eMissa brevis in B\u201c<\/td>\n<\/tr>\n<tr class=\"row-4\">\n\t<td class=\"column-1\"><strong>9. April 2006, Christuskirche Dresden Klotzsche und<br \/>\n17. Juni 2006, St. Jakobuskirche Pesterwitz<\/strong><br \/>\n<h6>Musikalische Vesper<\/h6><br \/>\nFelix Mendelssohn Bartholdy: Geistliche Musik f\u00fcr Soli, Chor und Orgel sowie  Werke a cappella <br \/>\nJoseph Rheinberger: Musik f\u00fcr Violine und Orgel<\/td>\n<\/tr>\n<tr class=\"row-5\">\n\t<td class=\"column-1\"><strong>27. Dezember 2005, St. Jakobuskirche Pesterwitz<\/strong><br \/>\n<h6>Franz\u00f6sische Weihnachten<\/h6><br \/>\nMarc Antoine Charpentier \u201eIn nativitatem DNJC\u201c <br \/>\nCamille Saint-Saens \u201eOratorio de Noel\u201c<\/td>\n<\/tr>\n<tr class=\"row-6\">\n\t<td class=\"column-1\"><strong>10. Juli 2005, St. Jakobuskirche Pesterwitz<\/strong><br \/>\n<h6>Diplomkonzert II<\/h6><br \/>\nJ.S. Bach \u201eIch hatte viel Bek\u00fcmmernis\u201c BWV 21<br \/>\nJ. Brahms \u201eVier ernste Ges\u00e4nge\u201c (in einer Orchesterfassung von Sarah Hesse)<\/td>\n<\/tr>\n<tr class=\"row-7\">\n\t<td class=\"column-1\"><strong>14. November 2004, St. Jakobuskirche Pesterwitz<\/strong><br \/>\n<h6>Diplomkonzert I<\/h6><br \/>\nHeinrich Sch\u00fctz \u201eMusikalische Exequien\u201c<br \/>\nHugo Distler \u201eTotentanz\u201c<\/td>\n<\/tr>\n<tr class=\"row-8\">\n\t<td class=\"column-1\"><strong>12. April 2004, St. Jakobuskirche Pesterwitz<\/strong><br \/>\n<h6>Kantatengottesdienst<\/h6><br \/>\nJ.S. Bach \u201eChrist lag in Todesbanden\u201c BWV 4<\/td>\n<\/tr>\n<tr class=\"row-9\">\n\t<td class=\"column-1\"><strong>22. November 2003, St. Jakobuskirche Pesterwitz<\/strong><br \/>\n<h6>Musikalische Vesper<\/h6><br \/>\nFrank Schreiber \u201eAch wie fl\u00fcchtig, ach wie nichtig\u201c UA<br \/>\nHerbert Collum \u201cTotentanz\u201d<br \/>\nHugo Distler \u201eTotentanz\u201c<\/td>\n<\/tr>\n<tr class=\"row-10\">\n\t<td class=\"column-1\"><strong>6. April 2003, St. Jakobuskirche Pesterwitz<\/strong><br \/>\n<h6>Musikalische Vesper<\/h6><br \/>\nEmanuele d\u2019Astorga \u201cStabat mater\u201d<br \/>\nGiovanni Battista Pergolesi \u201cStabat mater\u201d<\/td>\n<\/tr>\n<tr class=\"row-11\">\n\t<td class=\"column-1\"><strong>29. Dezember 2002, Christophorus Kirche Dresden-Wischdorf<\/strong><br \/>\n<h6>Ein weihnachtliches Konzert<\/h6><br \/>\nJ.S. Bach \u201eDu s\u00fc\u00dfer Trost, mein Jesu k\u00f6mmt\u201c BWV 151<br \/>\nCamille Saint-Saens \u00ab Oratorio de Noel \u00bb<\/td>\n<\/tr>\n<tr class=\"row-12\">\n\t<td class=\"column-1\"><strong>August 2002, St. Jakobuskirche Pesterwitz<\/strong><br \/>\n<h6>Kantatenkonzert<\/h6><br \/>\nJ.S.Bach \u201eIch will den Kreuzstab gerne tragen\u201c BWV 56<br \/>\n\u201eGott soll allein mein Herze haben\u201c BWV 169<br \/>\n\u201eAgnus Dei\u201c aus \u201eDu wahrer Gott und Davids Sohn\u201c BWV 21<\/td>\n<\/tr>\n<tr class=\"row-13\">\n\t<td class=\"column-1\"><strong>10. Februar 2002, St. Jakobuskirche Pesterwitz<\/strong><br \/>\n<h6>Kantatengottesdienst<\/h6><br \/>\nJ.S.Bach \u201eDu wahrer Gott und Davids Sohn\u201c BWV 21<\/td>\n<\/tr>\n<\/tbody>\n<\/table>\n<!-- #tablepress-14 from cache -->\n","protected":false},"excerpt":{"rendered":"","protected":false},"author":1,"featured_media":0,"parent":1680,"menu_order":11,"comment_status":"closed","ping_status":"closed","template":"","meta":{"footnotes":""},"class_list":["post-550","page","type-page","status-publish","hentry"],"_links":{"self":[{"href":"https:\/\/www.kammerchorpesterwitz.de\/index.php?rest_route=\/wp\/v2\/pages\/550","targetHints":{"allow":["GET"]}}],"collection":[{"href":"https:\/\/www.kammerchorpesterwitz.de\/index.php?rest_route=\/wp\/v2\/pages"}],"about":[{"href":"https:\/\/www.kammerchorpesterwitz.de\/index.php?rest_route=\/wp\/v2\/types\/page"}],"author":[{"embeddable":true,"href":"https:\/\/www.kammerchorpesterwitz.de\/index.php?rest_route=\/wp\/v2\/users\/1"}],"replies":[{"embeddable":true,"href":"https:\/\/www.kammerchorpesterwitz.de\/index.php?rest_route=%2Fwp%2Fv2%2Fcomments&post=550"}],"version-history":[{"count":1,"href":"https:\/\/www.kammerchorpesterwitz.de\/index.php?rest_route=\/wp\/v2\/pages\/550\/revisions"}],"predecessor-version":[{"id":551,"href":"https:\/\/www.kammerchorpesterwitz.de\/index.php?rest_route=\/wp\/v2\/pages\/550\/revisions\/551"}],"up":[{"embeddable":true,"href":"https:\/\/www.kammerchorpesterwitz.de\/index.php?rest_route=\/wp\/v2\/pages\/1680"}],"wp:attachment":[{"href":"https:\/\/www.kammerchorpesterwitz.de\/index.php?rest_route=%2Fwp%2Fv2%2Fmedia&parent=550"}],"curies":[{"name":"wp","href":"https:\/\/api.w.org\/{rel}","templated":true}]}}